{"id":1448,"date":"2022-08-10T16:51:54","date_gmt":"2022-08-10T19:51:54","guid":{"rendered":"https:\/\/fotodental.com\/?page_id=1448"},"modified":"2023-09-18T09:43:22","modified_gmt":"2023-09-18T12:43:22","slug":"training-center","status":"publish","type":"page","link":"https:\/\/fotodental.com\/es_es\/training-center\/","title":{"rendered":"Training Center"},"content":{"rendered":"\t\t<div data-elementor-type=\"wp-page\" data-elementor-id=\"1448\" class=\"elementor elementor-1448\">\n\t\t\t\t\t\t<div class=\"elementor-inner\">\n\t\t\t\t<div class=\"elementor-section-wrap\">\n\t\t\t\t\t\t\t\t\t<section class=\"elementor-section elementor-top-section elementor-element elementor-element-2ea22b22 elementor-section-content-middle elementor-section-boxed elementor-section-height-default elementor-section-height-default\" data-id=\"2ea22b22\" data-element_type=\"section\" data-settings=\"{&quot;background_background&quot;:&quot;classic&quot;}\">\n\t\t\t\t\t\t<div class=\"elementor-container elementor-column-gap-no\">\n\t\t\t\t\t\t\t<div class=\"elementor-row\">\n\t\t\t\t\t<div class=\"elementor-column elementor-col-50 elementor-top-column elementor-element elementor-element-7843d247\" data-id=\"7843d247\" data-element_type=\"column\">\n\t\t\t<div class=\"elementor-column-wrap elementor-element-populated\">\n\t\t\t\t\t\t\t<div class=\"elementor-widget-wrap\">\n\t\t\t\t\t\t<div class=\"elementor-element elementor-element-18c54fa9 elementor-widget elementor-widget-heading\" data-id=\"18c54fa9\" data-element_type=\"widget\" data-widget_type=\"heading.default\">\n\t\t\t\t<div class=\"elementor-widget-container\">\n\t\t\t<h1 class=\"elementor-heading-title elementor-size-default\">Training Center<\/h1>\t\t<\/div>\n\t\t\t\t<\/div>\n\t\t\t\t<div class=\"elementor-element elementor-element-2b3d59b elementor-widget elementor-widget-text-editor\" data-id=\"2b3d59b\" data-element_type=\"widget\" data-widget_type=\"text-editor.default\">\n\t\t\t\t<div class=\"elementor-widget-container\">\n\t\t\t\t\t\t\t\t<div class=\"elementor-text-editor elementor-clearfix\">\n\t\t\t\t<p>\u00a1Llevamos el conocimiento a donde est\u00e9s!<\/p>\t\t\t\t\t<\/div>\n\t\t\t\t\t\t<\/div>\n\t\t\t\t<\/div>\n\t\t\t\t\t\t<\/div>\n\t\t\t\t\t<\/div>\n\t\t<\/div>\n\t\t\t\t<div class=\"elementor-column elementor-col-50 elementor-top-column elementor-element elementor-element-6bb3c444\" data-id=\"6bb3c444\" data-element_type=\"column\">\n\t\t\t<div class=\"elementor-column-wrap elementor-element-populated\">\n\t\t\t\t\t\t\t<div class=\"elementor-widget-wrap\">\n\t\t\t\t\t\t<div class=\"elementor-element elementor-element-38cd4f02 elementor-widget elementor-widget-text-editor\" data-id=\"38cd4f02\" data-element_type=\"widget\" data-widget_type=\"text-editor.default\">\n\t\t\t\t<div class=\"elementor-widget-container\">\n\t\t\t\t\t\t\t\t<div class=\"elementor-text-editor elementor-clearfix\">\n\t\t\t\t<p>Academia fotodental brinda capacitaciones en el pa\u00eds y en el exterior.<\/p>\t\t\t\t\t<\/div>\n\t\t\t\t\t\t<\/div>\n\t\t\t\t<\/div>\n\t\t\t\t\t\t<\/div>\n\t\t\t\t\t<\/div>\n\t\t<\/div>\n\t\t\t\t\t\t\t\t<\/div>\n\t\t\t\t\t<\/div>\n\t\t<\/section>\n\t\t\t\t<section class=\"elementor-section elementor-top-section elementor-element elementor-element-2dff711b elementor-section-content-middle elementor-section-boxed elementor-section-height-default elementor-section-height-default\" data-id=\"2dff711b\" data-element_type=\"section\">\n\t\t\t\t\t\t<div class=\"elementor-container elementor-column-gap-no\">\n\t\t\t\t\t\t\t<div class=\"elementor-row\">\n\t\t\t\t\t<div class=\"elementor-column elementor-col-50 elementor-top-column elementor-element elementor-element-bb1c8ab\" data-id=\"bb1c8ab\" data-element_type=\"column\" data-settings=\"{&quot;background_background&quot;:&quot;classic&quot;}\">\n\t\t\t<div class=\"elementor-column-wrap elementor-element-populated\">\n\t\t\t\t\t\t\t<div class=\"elementor-widget-wrap\">\n\t\t\t\t\t\t<div class=\"elementor-element elementor-element-d76f141 elementor-widget elementor-widget-video\" data-id=\"d76f141\" data-element_type=\"widget\" data-settings=\"{&quot;youtube_url&quot;:&quot;https:\\\/\\\/youtu.be\\\/lGnfUtnDf7s&quot;,&quot;lazy_load&quot;:&quot;yes&quot;,&quot;show_image_overlay&quot;:&quot;yes&quot;,&quot;image_overlay&quot;:{&quot;url&quot;:&quot;https:\\\/\\\/fotodental.com\\\/wp-content\\\/uploads\\\/2023\\\/09\\\/training-center-academia-fotodental.jpg&quot;,&quot;id&quot;:10191,&quot;size&quot;:&quot;&quot;,&quot;alt&quot;:&quot;&quot;,&quot;source&quot;:&quot;library&quot;},&quot;video_type&quot;:&quot;youtube&quot;,&quot;controls&quot;:&quot;yes&quot;}\" data-widget_type=\"video.default\">\n\t\t\t\t<div class=\"elementor-widget-container\">\n\t\t\t\t\t<div class=\"elementor-wrapper elementor-open-inline\">\n\t\t\t<div class=\"elementor-video\"><\/div>\t\t\t\t<div class=\"elementor-custom-embed-image-overlay\" style=\"background-image: url(https:\/\/fotodental.com\/wp-content\/uploads\/2023\/09\/training-center-academia-fotodental.jpg);\">\n\t\t\t\t\t\t\t\t\t\t\t\t\t\t\t\t<div class=\"elementor-custom-embed-play\" role=\"button\" aria-label=\"Reproducir v\u00eddeo\" tabindex=\"0\">\n\t\t\t\t\t\t\t<i aria-hidden=\"true\" class=\"eicon-play\"><\/i>\t\t\t\t\t\t\t<span class=\"elementor-screen-only\">Reproducir v\u00eddeo<\/span>\n\t\t\t\t\t\t<\/div>\n\t\t\t\t\t\t\t\t\t<\/div>\n\t\t\t\t\t<\/div>\n\t\t\t\t<\/div>\n\t\t\t\t<\/div>\n\t\t\t\t\t\t<\/div>\n\t\t\t\t\t<\/div>\n\t\t<\/div>\n\t\t\t\t<div class=\"elementor-column elementor-col-50 elementor-top-column elementor-element elementor-element-9ae0bfb\" data-id=\"9ae0bfb\" data-element_type=\"column\" data-settings=\"{&quot;background_background&quot;:&quot;classic&quot;}\">\n\t\t\t<div class=\"elementor-column-wrap elementor-element-populated\">\n\t\t\t\t\t\t\t<div class=\"elementor-widget-wrap\">\n\t\t\t\t\t\t<div class=\"elementor-element elementor-element-129987b elementor-widget elementor-widget-heading\" data-id=\"129987b\" data-element_type=\"widget\" data-widget_type=\"heading.default\">\n\t\t\t\t<div class=\"elementor-widget-container\">\n\t\t\t<h2 class=\"elementor-heading-title elementor-size-default\">Academia Fotodental<\/h2>\t\t<\/div>\n\t\t\t\t<\/div>\n\t\t\t\t<div class=\"elementor-element elementor-element-fd67c3e elementor-widget elementor-widget-text-editor\" data-id=\"fd67c3e\" data-element_type=\"widget\" data-widget_type=\"text-editor.default\">\n\t\t\t\t<div class=\"elementor-widget-container\">\n\t\t\t\t\t\t\t\t<div class=\"elementor-text-editor elementor-clearfix\">\n\t\t\t\t<p style=\"text-align: left;\"><strong>Academia Fotodental<\/strong> es el departamento de formaci\u00f3n y capacitaci\u00f3n en fotograf\u00eda odontol\u00f3gica. Se busca hacer llegar la capacitaci\u00f3n al lugar que haga falta. Para esto brindamos conferencias, cursos y workshop. En todos los casos los cursantes disponen de equipo y accesorios para incorporar una t\u00e9cnica \u00e1gil de fotograf\u00eda dental.<\/p><p style=\"text-align: left;\">A donde vos est\u00e9s: <strong>Academia fotodental brinda capacitaciones en el pa\u00eds y en el exterior.<\/strong> Para organizar una actividad formativa con academia fotodental, solo ten\u00e9s que ponerte en contacto por email e iniciamos la organizacion del evento segun calendario y disponibilidad.<\/p>\t\t\t\t\t<\/div>\n\t\t\t\t\t\t<\/div>\n\t\t\t\t<\/div>\n\t\t\t\t\t\t<\/div>\n\t\t\t\t\t<\/div>\n\t\t<\/div>\n\t\t\t\t\t\t\t\t<\/div>\n\t\t\t\t\t<\/div>\n\t\t<\/section>\n\t\t\t\t<section class=\"elementor-section elementor-top-section elementor-element elementor-element-a171da2 elementor-section-boxed elementor-section-height-default elementor-section-height-default\" data-id=\"a171da2\" data-element_type=\"section\">\n\t\t\t\t\t\t<div class=\"elementor-container elementor-column-gap-default\">\n\t\t\t\t\t\t\t<div class=\"elementor-row\">\n\t\t\t\t\t<div class=\"elementor-column elementor-col-50 elementor-top-column elementor-element elementor-element-4aa53a9\" data-id=\"4aa53a9\" data-element_type=\"column\">\n\t\t\t<div class=\"elementor-column-wrap elementor-element-populated\">\n\t\t\t\t\t\t\t<div class=\"elementor-widget-wrap\">\n\t\t\t\t\t\t<div class=\"elementor-element elementor-element-18e2136 elementor-widget elementor-widget-accordion\" data-id=\"18e2136\" data-element_type=\"widget\" data-widget_type=\"accordion.default\">\n\t\t\t\t<div class=\"elementor-widget-container\">\n\t\t\t\t\t<div class=\"elementor-accordion\" role=\"tablist\">\n\t\t\t\t\t\t\t<div class=\"elementor-accordion-item\">\n\t\t\t\t\t<div id=\"elementor-tab-title-2601\" class=\"elementor-tab-title\" data-tab=\"1\" role=\"tab\" aria-controls=\"elementor-tab-content-2601\" aria-expanded=\"false\">\n\t\t\t\t\t\t\t\t\t\t\t\t\t<span class=\"elementor-accordion-icon elementor-accordion-icon-left\" aria-hidden=\"true\">\n\t\t\t\t\t\t\t\t\t\t\t\t\t\t\t<span class=\"elementor-accordion-icon-closed\"><i class=\"fas fa-chevron-down\"><\/i><\/span>\n\t\t\t\t\t\t\t\t<span class=\"elementor-accordion-icon-opened\"><i class=\"fas fa-chevron-up\"><\/i><\/span>\n\t\t\t\t\t\t\t\t\t\t\t\t\t\t<\/span>\n\t\t\t\t\t\t\t\t\t\t\t\t<a class=\"elementor-accordion-title\" href=\"\">Fotograf\u00eda Cl\u00ednica 1 FULL DAY<\/a>\n\t\t\t\t\t<\/div>\n\t\t\t\t\t<div id=\"elementor-tab-content-2601\" class=\"elementor-tab-content elementor-clearfix\" data-tab=\"1\" role=\"tabpanel\" aria-labelledby=\"elementor-tab-title-2601\"><p>El taller est\u00e1 orientado a quien tenga o no conocimientos previos de fotograf\u00eda como colegas, asistentes y laboratoristas interesados en mejorar sus documentaciones.<\/p><p>Se trabaja en una parte te\u00f3rica sobre la t\u00e9cnica fotogr\u00e1fica de documentaci\u00f3n cl\u00ednica y fotograf\u00eda creativa dental. En la parte workshop se aprende y aplica un protocolo b\u00e1sico de fotograf\u00eda intraoral y extraoraal.<\/p><p>Se puede asistir con cualquier c\u00e1mara fotogr\u00e1fica. Se incluye fotograf\u00eda con celular. No es requerimiento contar con c\u00e1mara fotogr\u00e1fica.<\/p><p>Dictado por un profesional odont\u00f3logo habilitado para el trabajo con pacientes.<\/p><p><strong>Propuesta de 8 hs de duraci\u00f3n en una sesi\u00f3n.<\/strong><\/p><\/div>\n\t\t\t\t<\/div>\n\t\t\t\t\t\t\t<div class=\"elementor-accordion-item\">\n\t\t\t\t\t<div id=\"elementor-tab-title-2602\" class=\"elementor-tab-title\" data-tab=\"2\" role=\"tab\" aria-controls=\"elementor-tab-content-2602\" aria-expanded=\"false\">\n\t\t\t\t\t\t\t\t\t\t\t\t\t<span class=\"elementor-accordion-icon elementor-accordion-icon-left\" aria-hidden=\"true\">\n\t\t\t\t\t\t\t\t\t\t\t\t\t\t\t<span class=\"elementor-accordion-icon-closed\"><i class=\"fas fa-chevron-down\"><\/i><\/span>\n\t\t\t\t\t\t\t\t<span class=\"elementor-accordion-icon-opened\"><i class=\"fas fa-chevron-up\"><\/i><\/span>\n\t\t\t\t\t\t\t\t\t\t\t\t\t\t<\/span>\n\t\t\t\t\t\t\t\t\t\t\t\t<a class=\"elementor-accordion-title\" href=\"\">Fotograf\u00cda Cl\u00ednica 2  PRO FULL DAY<\/a>\n\t\t\t\t\t<\/div>\n\t\t\t\t\t<div id=\"elementor-tab-content-2602\" class=\"elementor-tab-content elementor-clearfix\" data-tab=\"2\" role=\"tabpanel\" aria-labelledby=\"elementor-tab-title-2602\"><p>Un segundo nivel de fotograf\u00eda cl\u00ednica est\u00e1 orientado al uso de c\u00e1maras r\u00e9flex con flash circular y twin flash. El uso de iluminaci\u00f3n externa para retratos y fotograf\u00eda creativa. El uso de\u00a0 flash circular y twin para fotograf\u00eda creativa y de retrato, Retoque b\u00e1sico de fotograf\u00edas digital y presentaci\u00f3n de programas de edici\u00f3n.<\/p><p>Dividido en una parte te\u00f3rica en donde se profundiza el uso de la imagen. Consentimiento informado de uso de imagen. Presentaci\u00f3n de programas de retoque digital. Practica en armado b\u00e1sico de presentaci\u00f3n de caso.<\/p><p>Y en la parte de workshop se trabajara en el uso de flash circular y twin flash. Uso de iluminaci\u00f3n externa, flashes de estudio y fotograf\u00eda creativa. Retratos tradicionales y creativos.<\/p><p>Dictado por un profesional odont\u00f3logo habilitado para el trabajo con pacientes.<\/p><p>Propuesta de 8 hs. de duraci\u00f3n en una sesi\u00f3n.<\/p><\/div>\n\t\t\t\t<\/div>\n\t\t\t\t\t\t\t<div class=\"elementor-accordion-item\">\n\t\t\t\t\t<div id=\"elementor-tab-title-2603\" class=\"elementor-tab-title\" data-tab=\"3\" role=\"tab\" aria-controls=\"elementor-tab-content-2603\" aria-expanded=\"false\">\n\t\t\t\t\t\t\t\t\t\t\t\t\t<span class=\"elementor-accordion-icon elementor-accordion-icon-left\" aria-hidden=\"true\">\n\t\t\t\t\t\t\t\t\t\t\t\t\t\t\t<span class=\"elementor-accordion-icon-closed\"><i class=\"fas fa-chevron-down\"><\/i><\/span>\n\t\t\t\t\t\t\t\t<span class=\"elementor-accordion-icon-opened\"><i class=\"fas fa-chevron-up\"><\/i><\/span>\n\t\t\t\t\t\t\t\t\t\t\t\t\t\t<\/span>\n\t\t\t\t\t\t\t\t\t\t\t\t<a class=\"elementor-accordion-title\" href=\"\">Fotograf\u00eca Cl\u00ecnica 1y2<\/a>\n\t\t\t\t\t<\/div>\n\t\t\t\t\t<div id=\"elementor-tab-content-2603\" class=\"elementor-tab-content elementor-clearfix\" data-tab=\"3\" role=\"tabpanel\" aria-labelledby=\"elementor-tab-title-2603\"><p>Esta propuesta abarca los dos niveles y est\u00e1 pensada para hacerla en dos d\u00edas consecutivos o dos m\u00f3dulos separados, dejando tareas a los cursantes entre un m\u00f3dulo y otro. De esta manera se potencia el uso de lo aprendido en el primer m\u00f3dulo pudiendo evacuar dudas en el segundo.<\/p><p>Dictado por un profesional odont\u00f3logo habilitado para el trabajo con pacientes.<\/p><\/div>\n\t\t\t\t<\/div>\n\t\t\t\t\t\t\t\t\t\t<script type=\"application\/ld+json\">{\"@context\":\"https:\\\/\\\/schema.org\",\"@type\":\"FAQPage\",\"mainEntity\":[{\"@type\":\"Question\",\"name\":\"Fotograf\\u00eda Cl\\u00ednica 1 FULL DAY\",\"acceptedAnswer\":{\"@type\":\"Answer\",\"text\":\"<p>El taller est\\u00e1 orientado a quien tenga o no conocimientos previos de fotograf\\u00eda como colegas, asistentes y laboratoristas interesados en mejorar sus documentaciones.<\\\/p><p>Se trabaja en una parte te\\u00f3rica sobre la t\\u00e9cnica fotogr\\u00e1fica de documentaci\\u00f3n cl\\u00ednica y fotograf\\u00eda creativa dental. En la parte workshop se aprende y aplica un protocolo b\\u00e1sico de fotograf\\u00eda intraoral y extraoraal.<\\\/p><p>Se puede asistir con cualquier c\\u00e1mara fotogr\\u00e1fica. Se incluye fotograf\\u00eda con celular. No es requerimiento contar con c\\u00e1mara fotogr\\u00e1fica.<\\\/p><p>Dictado por un profesional odont\\u00f3logo habilitado para el trabajo con pacientes.<\\\/p><p><strong>Propuesta de 8 hs de duraci\\u00f3n en una sesi\\u00f3n.<\\\/strong><\\\/p>\"}},{\"@type\":\"Question\",\"name\":\"Fotograf\\u00cda Cl\\u00ednica 2  PRO FULL DAY\",\"acceptedAnswer\":{\"@type\":\"Answer\",\"text\":\"<p>Un segundo nivel de fotograf\\u00eda cl\\u00ednica est\\u00e1 orientado al uso de c\\u00e1maras r\\u00e9flex con flash circular y twin flash. El uso de iluminaci\\u00f3n externa para retratos y fotograf\\u00eda creativa. El uso de\\u00a0 flash circular y twin para fotograf\\u00eda creativa y de retrato, Retoque b\\u00e1sico de fotograf\\u00edas digital y presentaci\\u00f3n de programas de edici\\u00f3n.<\\\/p><p>Dividido en una parte te\\u00f3rica en donde se profundiza el uso de la imagen. Consentimiento informado de uso de imagen. Presentaci\\u00f3n de programas de retoque digital. Practica en armado b\\u00e1sico de presentaci\\u00f3n de caso.<\\\/p><p>Y en la parte de workshop se trabajara en el uso de flash circular y twin flash. Uso de iluminaci\\u00f3n externa, flashes de estudio y fotograf\\u00eda creativa. Retratos tradicionales y creativos.<\\\/p><p>Dictado por un profesional odont\\u00f3logo habilitado para el trabajo con pacientes.<\\\/p><p>Propuesta de 8 hs. de duraci\\u00f3n en una sesi\\u00f3n.<\\\/p>\"}},{\"@type\":\"Question\",\"name\":\"Fotograf\\u00eca Cl\\u00ecnica 1y2\",\"acceptedAnswer\":{\"@type\":\"Answer\",\"text\":\"<p>Esta propuesta abarca los dos niveles y est\\u00e1 pensada para hacerla en dos d\\u00edas consecutivos o dos m\\u00f3dulos separados, dejando tareas a los cursantes entre un m\\u00f3dulo y otro. De esta manera se potencia el uso de lo aprendido en el primer m\\u00f3dulo pudiendo evacuar dudas en el segundo.<\\\/p><p>Dictado por un profesional odont\\u00f3logo habilitado para el trabajo con pacientes.<\\\/p>\"}}]}<\/script>\n\t\t\t\t\t<\/div>\n\t\t\t\t<\/div>\n\t\t\t\t<\/div>\n\t\t\t\t\t\t<\/div>\n\t\t\t\t\t<\/div>\n\t\t<\/div>\n\t\t\t\t<div class=\"elementor-column elementor-col-50 elementor-top-column elementor-element elementor-element-35c6177\" data-id=\"35c6177\" data-element_type=\"column\">\n\t\t\t<div class=\"elementor-column-wrap elementor-element-populated\">\n\t\t\t\t\t\t\t<div class=\"elementor-widget-wrap\">\n\t\t\t\t\t\t<div class=\"elementor-element elementor-element-7296193 elementor-widget elementor-widget-accordion\" data-id=\"7296193\" data-element_type=\"widget\" data-widget_type=\"accordion.default\">\n\t\t\t\t<div class=\"elementor-widget-container\">\n\t\t\t\t\t<div class=\"elementor-accordion\" role=\"tablist\">\n\t\t\t\t\t\t\t<div class=\"elementor-accordion-item\">\n\t\t\t\t\t<div id=\"elementor-tab-title-1201\" class=\"elementor-tab-title\" data-tab=\"1\" role=\"tab\" aria-controls=\"elementor-tab-content-1201\" aria-expanded=\"false\">\n\t\t\t\t\t\t\t\t\t\t\t\t\t<span class=\"elementor-accordion-icon elementor-accordion-icon-left\" aria-hidden=\"true\">\n\t\t\t\t\t\t\t\t\t\t\t\t\t\t\t<span class=\"elementor-accordion-icon-closed\"><i class=\"fas fa-chevron-down\"><\/i><\/span>\n\t\t\t\t\t\t\t\t<span class=\"elementor-accordion-icon-opened\"><i class=\"fas fa-chevron-up\"><\/i><\/span>\n\t\t\t\t\t\t\t\t\t\t\t\t\t\t<\/span>\n\t\t\t\t\t\t\t\t\t\t\t\t<a class=\"elementor-accordion-title\" href=\"\">Conferencias: Universidades \/ Instituciones<\/a>\n\t\t\t\t\t<\/div>\n\t\t\t\t\t<div id=\"elementor-tab-content-1201\" class=\"elementor-tab-content elementor-clearfix\" data-tab=\"1\" role=\"tabpanel\" aria-labelledby=\"elementor-tab-title-1201\"><p>Las charlas sobre fotograf\u00eda odontol\u00f3gica son principalmente te\u00f3ricas y pueden variar en duraci\u00f3n, ya sea <strong>de 2 o 4 horas<\/strong>.<\/p><p>Est\u00e1n dise\u00f1adas espec\u00edficamente para instituciones educativas, tanto p\u00fablicas como privadas, y no tienen l\u00edmite en cuanto al n\u00famero de asistentes.<\/p><p>En contraste, nuestras propuestas de fotograf\u00eda cl\u00ednica incluyen una parte te\u00f3rica acompa\u00f1ada de un taller pr\u00e1ctico, pero est\u00e1n destinadas a un grupo m\u00e1s reducido de participantes.<\/p><p>Adem\u00e1s, nuestras conferencias y cursos cl\u00ednicos est\u00e1n disponibles como m\u00f3dulos que pueden integrarse en programas de especializaci\u00f3n y posgrado, ya sea en funcionamiento o en proceso de inicio.<\/p><p>\u00a0<\/p><\/div>\n\t\t\t\t<\/div>\n\t\t\t\t\t\t\t<div class=\"elementor-accordion-item\">\n\t\t\t\t\t<div id=\"elementor-tab-title-1202\" class=\"elementor-tab-title\" data-tab=\"2\" role=\"tab\" aria-controls=\"elementor-tab-content-1202\" aria-expanded=\"false\">\n\t\t\t\t\t\t\t\t\t\t\t\t\t<span class=\"elementor-accordion-icon elementor-accordion-icon-left\" aria-hidden=\"true\">\n\t\t\t\t\t\t\t\t\t\t\t\t\t\t\t<span class=\"elementor-accordion-icon-closed\"><i class=\"fas fa-chevron-down\"><\/i><\/span>\n\t\t\t\t\t\t\t\t<span class=\"elementor-accordion-icon-opened\"><i class=\"fas fa-chevron-up\"><\/i><\/span>\n\t\t\t\t\t\t\t\t\t\t\t\t\t\t<\/span>\n\t\t\t\t\t\t\t\t\t\t\t\t<a class=\"elementor-accordion-title\" href=\"\">Retoque digital de im\u00e1genes odontol\u00f3gicas<\/a>\n\t\t\t\t\t<\/div>\n\t\t\t\t\t<div id=\"elementor-tab-content-1202\" class=\"elementor-tab-content elementor-clearfix\" data-tab=\"2\" role=\"tabpanel\" aria-labelledby=\"elementor-tab-title-1202\"><p>Taller destinado al manejo de programas de edici\u00f3n de im\u00e1genes. Presentaci\u00f3n de los programas y manejo con ejercicios b\u00e1sicos. Dictado y a cargo de un docente universitario de dise\u00f1o gr\u00e1fico.<\/p><p>Propuesta de 8 hs de duraci\u00f3n.<\/p><\/div>\n\t\t\t\t<\/div>\n\t\t\t\t\t\t\t<div class=\"elementor-accordion-item\">\n\t\t\t\t\t<div id=\"elementor-tab-title-1203\" class=\"elementor-tab-title\" data-tab=\"3\" role=\"tab\" aria-controls=\"elementor-tab-content-1203\" aria-expanded=\"false\">\n\t\t\t\t\t\t\t\t\t\t\t\t\t<span class=\"elementor-accordion-icon elementor-accordion-icon-left\" aria-hidden=\"true\">\n\t\t\t\t\t\t\t\t\t\t\t\t\t\t\t<span class=\"elementor-accordion-icon-closed\"><i class=\"fas fa-chevron-down\"><\/i><\/span>\n\t\t\t\t\t\t\t\t<span class=\"elementor-accordion-icon-opened\"><i class=\"fas fa-chevron-up\"><\/i><\/span>\n\t\t\t\t\t\t\t\t\t\t\t\t\t\t<\/span>\n\t\t\t\t\t\t\t\t\t\t\t\t<a class=\"elementor-accordion-title\" href=\"\">Fotograf\u00eda para t\u00e9cnicos<\/a>\n\t\t\t\t\t<\/div>\n\t\t\t\t\t<div id=\"elementor-tab-content-1203\" class=\"elementor-tab-content elementor-clearfix\" data-tab=\"3\" role=\"tabpanel\" aria-labelledby=\"elementor-tab-title-1203\"><p>Curso pensado para el desarrollo de im\u00e1genes de contenido, documentales y creativas de trabajos de laboratorio. Aprendiendo t\u00e9cnica fotogr\u00e1fica b\u00e1sica. Desenfoque de fondo. Puntualizar el foco en un solo elemento. Lograr una visi\u00f3n creativa y llamativa a partir de un trabajo de laboratorio.<\/p><p>Propuesta te\u00f3rico \u2013 workshop\u00a0 de 6 hs de duraci\u00f3n.<\/p><\/div>\n\t\t\t\t<\/div>\n\t\t\t\t\t\t\t\t\t\t<script type=\"application\/ld+json\">{\"@context\":\"https:\\\/\\\/schema.org\",\"@type\":\"FAQPage\",\"mainEntity\":[{\"@type\":\"Question\",\"name\":\"Conferencias: Universidades \\\/ Instituciones\",\"acceptedAnswer\":{\"@type\":\"Answer\",\"text\":\"<p>Las charlas sobre fotograf\\u00eda odontol\\u00f3gica son principalmente te\\u00f3ricas y pueden variar en duraci\\u00f3n, ya sea <strong>de 2 o 4 horas<\\\/strong>.<\\\/p><p>Est\\u00e1n dise\\u00f1adas espec\\u00edficamente para instituciones educativas, tanto p\\u00fablicas como privadas, y no tienen l\\u00edmite en cuanto al n\\u00famero de asistentes.<\\\/p><p>En contraste, nuestras propuestas de fotograf\\u00eda cl\\u00ednica incluyen una parte te\\u00f3rica acompa\\u00f1ada de un taller pr\\u00e1ctico, pero est\\u00e1n destinadas a un grupo m\\u00e1s reducido de participantes.<\\\/p><p>Adem\\u00e1s, nuestras conferencias y cursos cl\\u00ednicos est\\u00e1n disponibles como m\\u00f3dulos que pueden integrarse en programas de especializaci\\u00f3n y posgrado, ya sea en funcionamiento o en proceso de inicio.<\\\/p><p>\\u00a0<\\\/p>\"}},{\"@type\":\"Question\",\"name\":\"Retoque digital de im\\u00e1genes odontol\\u00f3gicas\",\"acceptedAnswer\":{\"@type\":\"Answer\",\"text\":\"<p>Taller destinado al manejo de programas de edici\\u00f3n de im\\u00e1genes. Presentaci\\u00f3n de los programas y manejo con ejercicios b\\u00e1sicos. Dictado y a cargo de un docente universitario de dise\\u00f1o gr\\u00e1fico.<\\\/p><p>Propuesta de 8 hs de duraci\\u00f3n.<\\\/p>\"}},{\"@type\":\"Question\",\"name\":\"Fotograf\\u00eda para t\\u00e9cnicos\",\"acceptedAnswer\":{\"@type\":\"Answer\",\"text\":\"<p>Curso pensado para el desarrollo de im\\u00e1genes de contenido, documentales y creativas de trabajos de laboratorio. Aprendiendo t\\u00e9cnica fotogr\\u00e1fica b\\u00e1sica. Desenfoque de fondo. Puntualizar el foco en un solo elemento. Lograr una visi\\u00f3n creativa y llamativa a partir de un trabajo de laboratorio.<\\\/p><p>Propuesta te\\u00f3rico \\u2013 workshop\\u00a0 de 6 hs de duraci\\u00f3n.<\\\/p>\"}}]}<\/script>\n\t\t\t\t\t<\/div>\n\t\t\t\t<\/div>\n\t\t\t\t<\/div>\n\t\t\t\t\t\t<\/div>\n\t\t\t\t\t<\/div>\n\t\t<\/div>\n\t\t\t\t\t\t\t\t<\/div>\n\t\t\t\t\t<\/div>\n\t\t<\/section>\n\t\t\t\t<section class=\"elementor-section elementor-top-section elementor-element elementor-element-b64f398 elementor-section-boxed elementor-section-height-default elementor-section-height-default\" data-id=\"b64f398\" data-element_type=\"section\">\n\t\t\t\t\t\t<div class=\"elementor-container elementor-column-gap-default\">\n\t\t\t\t\t\t\t<div class=\"elementor-row\">\n\t\t\t\t\t<div class=\"elementor-column elementor-col-100 elementor-top-column elementor-element elementor-element-d61a50d\" data-id=\"d61a50d\" data-element_type=\"column\">\n\t\t\t<div class=\"elementor-column-wrap elementor-element-populated\">\n\t\t\t\t\t\t\t<div class=\"elementor-widget-wrap\">\n\t\t\t\t\t\t<div class=\"elementor-element elementor-element-a8d2c91 elementor-arrows-position-inside elementor-pagination-position-outside elementor-widget elementor-widget-image-carousel\" data-id=\"a8d2c91\" data-element_type=\"widget\" data-settings=\"{&quot;navigation&quot;:&quot;both&quot;,&quot;autoplay&quot;:&quot;yes&quot;,&quot;pause_on_hover&quot;:&quot;yes&quot;,&quot;pause_on_interaction&quot;:&quot;yes&quot;,&quot;autoplay_speed&quot;:5000,&quot;infinite&quot;:&quot;yes&quot;,&quot;speed&quot;:500}\" data-widget_type=\"image-carousel.default\">\n\t\t\t\t<div class=\"elementor-widget-container\">\n\t\t\t\t\t<div class=\"elementor-image-carousel-wrapper swiper-container\" dir=\"ltr\">\n\t\t\t<div class=\"elementor-image-carousel swiper-wrapper\">\n\t\t\t\t\t\t\t\t<div class=\"swiper-slide\"><a data-elementor-open-lightbox=\"yes\" data-elementor-lightbox-slideshow=\"a8d2c91\" data-elementor-lightbox-title=\"fotodental_cursos_capacitaciones-000\" data-e-action-hash=\"#elementor-action%3Aaction%3Dlightbox%26settings%3DeyJpZCI6MTAxNjUsInVybCI6Imh0dHBzOlwvXC9mb3RvZGVudGFsLmNvbVwvd3AtY29udGVudFwvdXBsb2Fkc1wvMjAyM1wvMDlcL2ZvdG9kZW50YWwtY3Vyc29zLWNhcGFjaXRhY2lvbmVzLTAwMC5qcGciLCJzbGlkZXNob3ciOiJhOGQyYzkxIn0%3D\" href=\"https:\/\/fotodental.com\/wp-content\/uploads\/2023\/09\/fotodental-cursos-capacitaciones-000.jpg\"><figure class=\"swiper-slide-inner\"><img decoding=\"async\" class=\"swiper-slide-image\" src=\"https:\/\/fotodental.com\/wp-content\/uploads\/2023\/09\/fotodental-cursos-capacitaciones-000.jpg\" alt=\"fotodental_cursos_capacitaciones-000\" \/><\/figure><\/a><\/div><div class=\"swiper-slide\"><a data-elementor-open-lightbox=\"yes\" data-elementor-lightbox-slideshow=\"a8d2c91\" data-elementor-lightbox-title=\"fotodental_cursos_capacitaciones-002\" data-e-action-hash=\"#elementor-action%3Aaction%3Dlightbox%26settings%3DeyJpZCI6MTAxNjcsInVybCI6Imh0dHBzOlwvXC9mb3RvZGVudGFsLmNvbVwvd3AtY29udGVudFwvdXBsb2Fkc1wvMjAyM1wvMDlcL2ZvdG9kZW50YWwtY3Vyc29zLWNhcGFjaXRhY2lvbmVzLTAwMi5qcGciLCJzbGlkZXNob3ciOiJhOGQyYzkxIn0%3D\" href=\"https:\/\/fotodental.com\/wp-content\/uploads\/2023\/09\/fotodental-cursos-capacitaciones-002.jpg\"><figure class=\"swiper-slide-inner\"><img decoding=\"async\" class=\"swiper-slide-image\" src=\"https:\/\/fotodental.com\/wp-content\/uploads\/2023\/09\/fotodental-cursos-capacitaciones-002.jpg\" alt=\"fotodental_cursos_capacitaciones-002\" \/><\/figure><\/a><\/div><div class=\"swiper-slide\"><a data-elementor-open-lightbox=\"yes\" data-elementor-lightbox-slideshow=\"a8d2c91\" data-elementor-lightbox-title=\"fotodental_cursos_capacitaciones-001\" data-e-action-hash=\"#elementor-action%3Aaction%3Dlightbox%26settings%3DeyJpZCI6MTAxNjYsInVybCI6Imh0dHBzOlwvXC9mb3RvZGVudGFsLmNvbVwvd3AtY29udGVudFwvdXBsb2Fkc1wvMjAyM1wvMDlcL2ZvdG9kZW50YWwtY3Vyc29zLWNhcGFjaXRhY2lvbmVzLTAwMS5qcGciLCJzbGlkZXNob3ciOiJhOGQyYzkxIn0%3D\" href=\"https:\/\/fotodental.com\/wp-content\/uploads\/2023\/09\/fotodental-cursos-capacitaciones-001.jpg\"><figure class=\"swiper-slide-inner\"><img decoding=\"async\" class=\"swiper-slide-image\" src=\"https:\/\/fotodental.com\/wp-content\/uploads\/2023\/09\/fotodental-cursos-capacitaciones-001.jpg\" alt=\"fotodental_cursos_capacitaciones-001\" \/><\/figure><\/a><\/div><div class=\"swiper-slide\"><a data-elementor-open-lightbox=\"yes\" data-elementor-lightbox-slideshow=\"a8d2c91\" data-elementor-lightbox-title=\"fotodental_cursos_capacitaciones-003\" data-e-action-hash=\"#elementor-action%3Aaction%3Dlightbox%26settings%3DeyJpZCI6MTAxNjgsInVybCI6Imh0dHBzOlwvXC9mb3RvZGVudGFsLmNvbVwvd3AtY29udGVudFwvdXBsb2Fkc1wvMjAyM1wvMDlcL2ZvdG9kZW50YWwtY3Vyc29zLWNhcGFjaXRhY2lvbmVzLTAwMy5qcGciLCJzbGlkZXNob3ciOiJhOGQyYzkxIn0%3D\" href=\"https:\/\/fotodental.com\/wp-content\/uploads\/2023\/09\/fotodental-cursos-capacitaciones-003.jpg\"><figure class=\"swiper-slide-inner\"><img decoding=\"async\" class=\"swiper-slide-image\" src=\"https:\/\/fotodental.com\/wp-content\/uploads\/2023\/09\/fotodental-cursos-capacitaciones-003.jpg\" alt=\"fotodental_cursos_capacitaciones-003\" \/><\/figure><\/a><\/div><div class=\"swiper-slide\"><a data-elementor-open-lightbox=\"yes\" data-elementor-lightbox-slideshow=\"a8d2c91\" data-elementor-lightbox-title=\"fotodental_cursos_capacitaciones-004\" data-e-action-hash=\"#elementor-action%3Aaction%3Dlightbox%26settings%3DeyJpZCI6MTAxNjksInVybCI6Imh0dHBzOlwvXC9mb3RvZGVudGFsLmNvbVwvd3AtY29udGVudFwvdXBsb2Fkc1wvMjAyM1wvMDlcL2ZvdG9kZW50YWwtY3Vyc29zLWNhcGFjaXRhY2lvbmVzLTAwNC5qcGciLCJzbGlkZXNob3ciOiJhOGQyYzkxIn0%3D\" href=\"https:\/\/fotodental.com\/wp-content\/uploads\/2023\/09\/fotodental-cursos-capacitaciones-004.jpg\"><figure class=\"swiper-slide-inner\"><img decoding=\"async\" class=\"swiper-slide-image\" src=\"https:\/\/fotodental.com\/wp-content\/uploads\/2023\/09\/fotodental-cursos-capacitaciones-004.jpg\" alt=\"fotodental_cursos_capacitaciones-004\" \/><\/figure><\/a><\/div><div class=\"swiper-slide\"><a data-elementor-open-lightbox=\"yes\" data-elementor-lightbox-slideshow=\"a8d2c91\" data-elementor-lightbox-title=\"fotodental_cursos_capacitaciones-005\" data-e-action-hash=\"#elementor-action%3Aaction%3Dlightbox%26settings%3DeyJpZCI6MTAxNzAsInVybCI6Imh0dHBzOlwvXC9mb3RvZGVudGFsLmNvbVwvd3AtY29udGVudFwvdXBsb2Fkc1wvMjAyM1wvMDlcL2ZvdG9kZW50YWwtY3Vyc29zLWNhcGFjaXRhY2lvbmVzLTAwNS5qcGciLCJzbGlkZXNob3ciOiJhOGQyYzkxIn0%3D\" href=\"https:\/\/fotodental.com\/wp-content\/uploads\/2023\/09\/fotodental-cursos-capacitaciones-005.jpg\"><figure class=\"swiper-slide-inner\"><img decoding=\"async\" class=\"swiper-slide-image\" src=\"https:\/\/fotodental.com\/wp-content\/uploads\/2023\/09\/fotodental-cursos-capacitaciones-005.jpg\" alt=\"fotodental_cursos_capacitaciones-005\" \/><\/figure><\/a><\/div>\t\t\t<\/div>\n\t\t\t\t\t\t\t\t\t\t\t\t<div class=\"swiper-pagination\"><\/div>\n\t\t\t\t\t\t\t\t\t\t\t\t\t<div class=\"elementor-swiper-button elementor-swiper-button-prev\">\n\t\t\t\t\t\t<i aria-hidden=\"true\" class=\"eicon-chevron-left\"><\/i>\t\t\t\t\t\t<span class=\"elementor-screen-only\">Anterior<\/span>\n\t\t\t\t\t<\/div>\n\t\t\t\t\t<div class=\"elementor-swiper-button elementor-swiper-button-next\">\n\t\t\t\t\t\t<i aria-hidden=\"true\" class=\"eicon-chevron-right\"><\/i>\t\t\t\t\t\t<span class=\"elementor-screen-only\">Siguiente<\/span>\n\t\t\t\t\t<\/div>\n\t\t\t\t\t\t\t\t\t<\/div>\n\t\t\t\t<\/div>\n\t\t\t\t<\/div>\n\t\t\t\t\t\t<\/div>\n\t\t\t\t\t<\/div>\n\t\t<\/div>\n\t\t\t\t\t\t\t\t<\/div>\n\t\t\t\t\t<\/div>\n\t\t<\/section>\n\t\t\t\t<section class=\"elementor-section elementor-top-section elementor-element elementor-element-29e5df6 elementor-section-full_width elementor-section-height-default elementor-section-height-default\" data-id=\"29e5df6\" data-element_type=\"section\">\n\t\t\t\t\t\t<div class=\"elementor-container elementor-column-gap-default\">\n\t\t\t\t\t\t\t<div class=\"elementor-row\">\n\t\t\t\t\t<div class=\"elementor-column elementor-col-100 elementor-top-column elementor-element elementor-element-d82ae61\" data-id=\"d82ae61\" data-element_type=\"column\">\n\t\t\t<div class=\"elementor-column-wrap elementor-element-populated\">\n\t\t\t\t\t\t\t<div class=\"elementor-widget-wrap\">\n\t\t\t\t\t\t<div class=\"elementor-element elementor-element-61ea7fc elementor-widget elementor-widget-shortcode\" data-id=\"61ea7fc\" data-element_type=\"widget\" data-widget_type=\"shortcode.default\">\n\t\t\t\t<div class=\"elementor-widget-container\">\n\t\t\t\t\t<div class=\"elementor-shortcode\">\t\t<div data-elementor-type=\"section\" data-elementor-id=\"10031\" class=\"elementor elementor-10031\">\n\t\t\t\t\t<div class=\"elementor-section-wrap\">\n\t\t\t\t\t\t\t\t<section class=\"elementor-section elementor-top-section elementor-element elementor-element-c490805 elementor-section-content-middle elementor-section-boxed elementor-section-height-default elementor-section-height-default\" data-id=\"c490805\" data-element_type=\"section\" data-settings=\"{&quot;background_background&quot;:&quot;classic&quot;}\">\n\t\t\t\t\t\t<div class=\"elementor-container elementor-column-gap-no\">\n\t\t\t\t\t\t\t<div class=\"elementor-row\">\n\t\t\t\t\t<div class=\"elementor-column elementor-col-100 elementor-top-column elementor-element elementor-element-639f6dd\" data-id=\"639f6dd\" data-element_type=\"column\">\n\t\t\t<div class=\"elementor-column-wrap elementor-element-populated\">\n\t\t\t\t\t\t\t<div class=\"elementor-widget-wrap\">\n\t\t\t\t\t\t<div class=\"elementor-element elementor-element-9be0d27 elementor-widget elementor-widget-heading\" data-id=\"9be0d27\" data-element_type=\"widget\" data-widget_type=\"heading.default\">\n\t\t\t\t<div class=\"elementor-widget-container\">\n\t\t\t<h3 class=\"elementor-heading-title elementor-size-default\">Contactanos<\/h3>\t\t<\/div>\n\t\t\t\t<\/div>\n\t\t\t\t<section class=\"elementor-section elementor-inner-section elementor-element elementor-element-158757d elementor-section-content-middle elementor-section-boxed elementor-section-height-default elementor-section-height-default\" data-id=\"158757d\" data-element_type=\"section\">\n\t\t\t\t\t\t<div class=\"elementor-container elementor-column-gap-no\">\n\t\t\t\t\t\t\t<div class=\"elementor-row\">\n\t\t\t\t\t<div class=\"elementor-column elementor-col-50 elementor-inner-column elementor-element elementor-element-2aa7f54\" data-id=\"2aa7f54\" data-element_type=\"column\">\n\t\t\t<div class=\"elementor-column-wrap elementor-element-populated\">\n\t\t\t\t\t\t\t<div class=\"elementor-widget-wrap\">\n\t\t\t\t\t\t<div class=\"elementor-element elementor-element-23f7623 elementor-widget elementor-widget-heading\" data-id=\"23f7623\" data-element_type=\"widget\" data-widget_type=\"heading.default\">\n\t\t\t\t<div class=\"elementor-widget-container\">\n\t\t\t<h3 class=\"elementor-heading-title elementor-size-default\">Solicite Asesoramiento<\/h3>\t\t<\/div>\n\t\t\t\t<\/div>\n\t\t\t\t<div class=\"elementor-element elementor-element-a7f8e35 elementor-widget elementor-widget-text-editor\" data-id=\"a7f8e35\" data-element_type=\"widget\" data-widget_type=\"text-editor.default\">\n\t\t\t\t<div class=\"elementor-widget-container\">\n\t\t\t\t\t\t\t\t<div class=\"elementor-text-editor elementor-clearfix\">\n\t\t\t\t<p>Ponte en contacto con nosotros a trav\u00e9s del siguiente formulario o escr\u00edbenos a nuestros correos electr\u00f3nicos.<\/p><p>Ofrecemos env\u00edos a todo el interior del pa\u00eds.<\/p><p>Cons\u00faltenos estamos a su disposici\u00f3n.<\/p>\t\t\t\t\t<\/div>\n\t\t\t\t\t\t<\/div>\n\t\t\t\t<\/div>\n\t\t\t\t<div class=\"elementor-element elementor-element-96c3a22 elementor-widget elementor-widget-heading\" data-id=\"96c3a22\" data-element_type=\"widget\" data-widget_type=\"heading.default\">\n\t\t\t\t<div class=\"elementor-widget-container\">\n\t\t\t<h3 class=\"elementor-heading-title elementor-size-default\">Contacto<\/h3>\t\t<\/div>\n\t\t\t\t<\/div>\n\t\t\t\t<div class=\"elementor-element elementor-element-18d40c5 elementor-icon-list--layout-traditional elementor-list-item-link-full_width elementor-widget elementor-widget-icon-list\" data-id=\"18d40c5\" data-element_type=\"widget\" data-widget_type=\"icon-list.default\">\n\t\t\t\t<div class=\"elementor-widget-container\">\n\t\t\t\t\t<ul class=\"elementor-icon-list-items\">\n\t\t\t\t\t\t\t<li class=\"elementor-icon-list-item\">\n\t\t\t\t\t\t\t\t\t\t\t<span class=\"elementor-icon-list-icon\">\n\t\t\t\t\t\t\t<i aria-hidden=\"true\" class=\"far fa-envelope\"><\/i>\t\t\t\t\t\t<\/span>\n\t\t\t\t\t\t\t\t\t\t<span class=\"elementor-icon-list-text\">info@fotodental.com<\/span>\n\t\t\t\t\t\t\t\t\t<\/li>\n\t\t\t\t\t\t<\/ul>\n\t\t\t\t<\/div>\n\t\t\t\t<\/div>\n\t\t\t\t<div class=\"elementor-element elementor-element-f82a42e e-grid-align-left elementor-shape-rounded elementor-grid-0 elementor-widget elementor-widget-social-icons\" data-id=\"f82a42e\" data-element_type=\"widget\" data-widget_type=\"social-icons.default\">\n\t\t\t\t<div class=\"elementor-widget-container\">\n\t\t\t\t\t<div class=\"elementor-social-icons-wrapper elementor-grid\">\n\t\t\t\t\t\t\t<span class=\"elementor-grid-item\">\n\t\t\t\t\t<a class=\"elementor-icon elementor-social-icon elementor-social-icon-facebook elementor-repeater-item-34a7f65\" href=\"https:\/\/www.facebook.com\/FotodentalOficial\" target=\"_blank\">\n\t\t\t\t\t\t<span class=\"elementor-screen-only\">Facebook<\/span>\n\t\t\t\t\t\t<i class=\"fab fa-facebook\"><\/i>\t\t\t\t\t<\/a>\n\t\t\t\t<\/span>\n\t\t\t\t\t\t\t<span class=\"elementor-grid-item\">\n\t\t\t\t\t<a class=\"elementor-icon elementor-social-icon elementor-social-icon-instagram elementor-repeater-item-4aa3697\" href=\"https:\/\/www.instagram.com\/fotodental.ig\/\" target=\"_blank\">\n\t\t\t\t\t\t<span class=\"elementor-screen-only\">Instagram<\/span>\n\t\t\t\t\t\t<i class=\"fab fa-instagram\"><\/i>\t\t\t\t\t<\/a>\n\t\t\t\t<\/span>\n\t\t\t\t\t\t\t<span class=\"elementor-grid-item\">\n\t\t\t\t\t<a class=\"elementor-icon elementor-social-icon elementor-social-icon-youtube elementor-repeater-item-3b105c8\" href=\"https:\/\/www.youtube.com\/@fotodental\" target=\"_blank\">\n\t\t\t\t\t\t<span class=\"elementor-screen-only\">Youtube<\/span>\n\t\t\t\t\t\t<i class=\"fab fa-youtube\"><\/i>\t\t\t\t\t<\/a>\n\t\t\t\t<\/span>\n\t\t\t\t\t<\/div>\n\t\t\t\t<\/div>\n\t\t\t\t<\/div>\n\t\t\t\t\t\t<\/div>\n\t\t\t\t\t<\/div>\n\t\t<\/div>\n\t\t\t\t<div class=\"elementor-column elementor-col-50 elementor-inner-column elementor-element elementor-element-6518f70\" data-id=\"6518f70\" data-element_type=\"column\" data-settings=\"{&quot;background_background&quot;:&quot;classic&quot;}\">\n\t\t\t<div class=\"elementor-column-wrap elementor-element-populated\">\n\t\t\t\t\t\t\t<div class=\"elementor-widget-wrap\">\n\t\t\t\t\t\t<div class=\"elementor-element elementor-element-9ea15e0 elementor-button-align-end elementor-mobile-button-align-center elementor-widget elementor-widget-form\" data-id=\"9ea15e0\" data-element_type=\"widget\" data-settings=\"{&quot;step_next_label&quot;:&quot;Next&quot;,&quot;step_previous_label&quot;:&quot;Previous&quot;,&quot;button_width&quot;:&quot;100&quot;,&quot;step_type&quot;:&quot;number_text&quot;,&quot;step_icon_shape&quot;:&quot;circle&quot;}\" data-widget_type=\"form.default\">\n\t\t\t\t<div class=\"elementor-widget-container\">\n\t\t\t\t\t<form class=\"elementor-form\" method=\"post\" name=\"New Form\">\n\t\t\t<input type=\"hidden\" name=\"post_id\" value=\"10031\"\/>\n\t\t\t<input type=\"hidden\" name=\"form_id\" value=\"9ea15e0\"\/>\n\t\t\t<input type=\"hidden\" name=\"referer_title\" value=\"\" \/>\n\n\t\t\t\n\t\t\t<div class=\"elementor-form-fields-wrapper elementor-labels-\">\n\t\t\t\t\t\t\t\t<div class=\"elementor-field-type-text elementor-field-group elementor-column elementor-field-group-name elementor-col-50 elementor-field-required\">\n\t\t\t\t\t\t\t\t\t\t\t\t<label for=\"form-field-name\" class=\"elementor-field-label elementor-screen-only\">\n\t\t\t\t\t\t\t\tNombre y Apellido\t\t\t\t\t\t\t<\/label>\n\t\t\t\t\t\t\t\t\t\t\t\t\t\t<input size=\"1\" type=\"text\" name=\"form_fields[name]\" id=\"form-field-name\" class=\"elementor-field elementor-size-sm  elementor-field-textual\" placeholder=\"Nombre y Apellido\" required=\"required\" aria-required=\"true\">\n\t\t\t\t\t\t\t\t\t\t\t<\/div>\n\t\t\t\t\t\t\t\t<div class=\"elementor-field-type-email elementor-field-group elementor-column elementor-field-group-email elementor-col-50 elementor-field-required\">\n\t\t\t\t\t\t\t\t\t\t\t\t<label for=\"form-field-email\" class=\"elementor-field-label elementor-screen-only\">\n\t\t\t\t\t\t\t\tEmail\t\t\t\t\t\t\t<\/label>\n\t\t\t\t\t\t\t\t\t\t\t\t\t\t<input size=\"1\" type=\"email\" name=\"form_fields[email]\" id=\"form-field-email\" class=\"elementor-field elementor-size-sm  elementor-field-textual\" placeholder=\"Email\" required=\"required\" aria-required=\"true\">\n\t\t\t\t\t\t\t\t\t\t\t<\/div>\n\t\t\t\t\t\t\t\t<div class=\"elementor-field-type-text elementor-field-group elementor-column elementor-field-group-b26ecb6 elementor-col-50 elementor-field-required\">\n\t\t\t\t\t\t\t\t\t\t\t\t<label for=\"form-field-b26ecb6\" class=\"elementor-field-label elementor-screen-only\">\n\t\t\t\t\t\t\t\tTel\u00e9fono\t\t\t\t\t\t\t<\/label>\n\t\t\t\t\t\t\t\t\t\t\t\t\t\t<input size=\"1\" type=\"text\" name=\"form_fields[b26ecb6]\" id=\"form-field-b26ecb6\" class=\"elementor-field elementor-size-sm  elementor-field-textual\" placeholder=\"Tel\u00e9fono\" required=\"required\" aria-required=\"true\">\n\t\t\t\t\t\t\t\t\t\t\t<\/div>\n\t\t\t\t\t\t\t\t<div class=\"elementor-field-type-text elementor-field-group elementor-column elementor-field-group-894019a elementor-col-50 elementor-field-required\">\n\t\t\t\t\t\t\t\t\t\t\t\t<label for=\"form-field-894019a\" class=\"elementor-field-label elementor-screen-only\">\n\t\t\t\t\t\t\t\tLocalidad\t\t\t\t\t\t\t<\/label>\n\t\t\t\t\t\t\t\t\t\t\t\t\t\t<input size=\"1\" type=\"text\" name=\"form_fields[894019a]\" id=\"form-field-894019a\" class=\"elementor-field elementor-size-sm  elementor-field-textual\" placeholder=\"Localidad\" required=\"required\" aria-required=\"true\">\n\t\t\t\t\t\t\t\t\t\t\t<\/div>\n\t\t\t\t\t\t\t\t<div class=\"elementor-field-type-textarea elementor-field-group elementor-column elementor-field-group-message elementor-col-100 elementor-field-required\">\n\t\t\t\t\t\t\t\t\t\t\t\t<label for=\"form-field-message\" class=\"elementor-field-label elementor-screen-only\">\n\t\t\t\t\t\t\t\tMensaje\t\t\t\t\t\t\t<\/label>\n\t\t\t\t\t\t<textarea class=\"elementor-field-textual elementor-field  elementor-size-sm\" name=\"form_fields[message]\" id=\"form-field-message\" rows=\"4\" placeholder=\"Mensaje\" required=\"required\" aria-required=\"true\"><\/textarea>\t\t\t\t<\/div>\n\t\t\t\t\t\t\t\t<div class=\"elementor-field-type-recaptcha_v3 elementor-field-group elementor-column elementor-field-group-field_685f772 elementor-col-100 recaptcha_v3-inline\">\n\t\t\t\t\t<div class=\"elementor-field\" id=\"form-field-field_685f772\"><div class=\"elementor-g-recaptcha\" data-sitekey=\"6LfYqy0oAAAAAIIDJfDnXlr7Q-lEbVGS6hBVi0vi\" data-type=\"v3\" data-action=\"Form\" data-badge=\"inline\" data-size=\"invisible\"><\/div><\/div>\t\t\t\t<\/div>\n\t\t\t\t\t\t\t\t<div class=\"elementor-field-group elementor-column elementor-field-type-submit elementor-col-100 e-form__buttons\">\n\t\t\t\t\t<button type=\"submit\" class=\"elementor-button elementor-size-sm\">\n\t\t\t\t\t\t<span >\n\t\t\t\t\t\t\t\t\t\t\t\t\t\t\t<span class=\" elementor-button-icon\">\n\t\t\t\t\t\t\t\t\t\t\t\t\t\t\t\t\t\t\t\t\t\t\t\t\t\t<\/span>\n\t\t\t\t\t\t\t\t\t\t\t\t\t\t\t\t\t\t\t\t\t\t<span class=\"elementor-button-text\">Enviar<\/span>\n\t\t\t\t\t\t\t\t\t\t\t\t\t<\/span>\n\t\t\t\t\t<\/button>\n\t\t\t\t<\/div>\n\t\t\t<\/div>\n\t\t<\/form>\n\t\t\t\t<\/div>\n\t\t\t\t<\/div>\n\t\t\t\t\t\t<\/div>\n\t\t\t\t\t<\/div>\n\t\t<\/div>\n\t\t\t\t\t\t\t\t<\/div>\n\t\t\t\t\t<\/div>\n\t\t<\/section>\n\t\t\t\t\t\t<\/div>\n\t\t\t\t\t<\/div>\n\t\t<\/div>\n\t\t\t\t\t\t\t\t<\/div>\n\t\t\t\t\t<\/div>\n\t\t<\/section>\n\t\t\t\t\t\t\t<\/div>\n\t\t\t\t<\/div>\n\t\t<\/div>\n\t\t\t\t<\/div>\n\t\t\t\t<\/div>\n\t\t\t\t\t\t<\/div>\n\t\t\t\t\t<\/div>\n\t\t<\/div>\n\t\t\t\t\t\t\t\t<\/div>\n\t\t\t\t\t<\/div>\n\t\t<\/section>\n\t\t\t\t\t\t\t\t\t<\/div>\n\t\t\t<\/div>\n\t\t\t\t\t<\/div>\n\t\t","protected":false},"excerpt":{"rendered":"<p>Training Center \u00a1Llevamos el conocimiento a donde est\u00e9s! Academia fotodental brinda capacitaciones en el pa\u00eds y en el exterior. https:\/\/youtu.be\/lGnfUtnDf7s Academia Fotodental Academia Fotodental es el departamento de formaci\u00f3n y capacitaci\u00f3n en fotograf\u00eda odontol\u00f3gica. Se busca hacer llegar la capacitaci\u00f3n al lugar que haga falta. Para esto brindamos conferencias, cursos y workshop. En todos los [&hellip;]<\/p>\n","protected":false},"author":1,"featured_media":0,"parent":0,"menu_order":0,"comment_status":"closed","ping_status":"closed","template":"","meta":{"footnotes":""},"class_list":["post-1448","page","type-page","status-publish","hentry"],"_links":{"self":[{"href":"https:\/\/fotodental.com\/es_es\/wp-json\/wp\/v2\/pages\/1448","targetHints":{"allow":["GET"]}}],"collection":[{"href":"https:\/\/fotodental.com\/es_es\/wp-json\/wp\/v2\/pages"}],"about":[{"href":"https:\/\/fotodental.com\/es_es\/wp-json\/wp\/v2\/types\/page"}],"author":[{"embeddable":true,"href":"https:\/\/fotodental.com\/es_es\/wp-json\/wp\/v2\/users\/1"}],"replies":[{"embeddable":true,"href":"https:\/\/fotodental.com\/es_es\/wp-json\/wp\/v2\/comments?post=1448"}],"version-history":[{"count":103,"href":"https:\/\/fotodental.com\/es_es\/wp-json\/wp\/v2\/pages\/1448\/revisions"}],"predecessor-version":[{"id":10588,"href":"https:\/\/fotodental.com\/es_es\/wp-json\/wp\/v2\/pages\/1448\/revisions\/10588"}],"wp:attachment":[{"href":"https:\/\/fotodental.com\/es_es\/wp-json\/wp\/v2\/media?parent=1448"}],"curies":[{"name":"wp","href":"https:\/\/api.w.org\/{rel}","templated":true}]}}